{"id":4048,"date":"2020-12-09T18:34:06","date_gmt":"2020-12-09T21:34:06","guid":{"rendered":"https:\/\/desarrollo.solidaridadlatam.org\/?page_id=4048"},"modified":"2022-03-03T09:47:16","modified_gmt":"2022-03-03T12:47:16","slug":"equipo-br","status":"publish","type":"page","link":"https:\/\/solidaridadlatam.org\/brasil\/equipo-br\/","title":{"rendered":"Brasil"},"content":{"rendered":"<div class=\"wpb-content-wrapper\"><p>[vc_section css=\u00bb.vc_custom_1607548821360{margin-right: 0px !important;margin-left: 0px !important;}\u00bb mobile_bg_img_hidden=\u00bbno\u00bb tablet_bg_img_hidden=\u00bbno\u00bb woodmart_parallax=\u00bb0&#8243; woodmart_gradient_switch=\u00bbno\u00bb woodmart_disable_overflow=\u00bb0&#8243;][vc_row css=\u00bb.vc_custom_1607548657330{background-color: #dbdbdb !important;}\u00bb mobile_bg_img_hidden=\u00bbno\u00bb tablet_bg_img_hidden=\u00bbno\u00bb woodmart_parallax=\u00bb0&#8243; woodmart_gradient_switch=\u00bbno\u00bb row_reverse_mobile=\u00bb0&#8243; row_reverse_tablet=\u00bb0&#8243; woodmart_disable_overflow=\u00bb0&#8243;][vc_column width=\u00bb1\/4&#8243;][vc_single_image image=\u00bb4104&#8243; img_size=\u00bbfull\u00bb alignment=\u00bbcenter\u00bb css_animation=\u00bbfadeIn\u00bb parallax_scroll=\u00bbno\u00bb][\/vc_column][vc_column width=\u00bb3\/4&#8243;][vc_row_inner][vc_column_inner width=\u00bb1\/3&#8243;][vc_custom_heading text=\u00bbContacto\u00bb font_container=\u00bbtag:h5|font_size:30px|text_align:left|color:%23000000|line_height:30px\u00bb use_theme_fonts=\u00bbyes\u00bb css=\u00bb.vc_custom_1607548538078{margin-top: 0px !important;margin-right: 0px !important;margin-bottom: 0px !important;margin-left: 0px !important;padding-top: 0px !important;padding-right: 0px !important;padding-bottom: 20px !important;padding-left: 0px !important;}\u00bb][vc_column_text text_larger=\u00bbno\u00bb css=\u00bb.vc_custom_1632467418299{margin-top: 0px !important;margin-right: 0px !important;margin-bottom: 0px !important;margin-left: 0px !important;padding-top: 0px !important;padding-right: 0px !important;padding-bottom: 0px !important;padding-left: 0px !important;}\u00bb]<span style=\"font-weight: 400;\">Rua Dr. Costa Junior, 458, CEP 05002-000 &#8211; \u00c1gua Branca, S\u00e3o Paulo &#8211; SP<\/span><\/p>\n<p><span style=\"font-weight: 400;\">Tel: +57 1 7569931<\/span><\/p>\n<p><span style=\"font-weight: 400;\">Mail: <\/span><a href=\"mailto:brasil@solidaridadnetwork.org\"><span style=\"font-weight: 400;\">brasil@solidaridadnetwork.org<\/span><\/a><br \/>\n<span style=\"font-weight: 400;\">Web | <\/span><a href=\"https:\/\/www.linkedin.com\/showcase\/solidaridadbrasil\"><span style=\"font-weight: 400;\">LinkedIn <\/span><\/a><span style=\"font-weight: 400;\">| <\/span><a href=\"https:\/\/www.instagram.com\/solidaridadbrasil\"><span style=\"font-weight: 400;\">Instagram<\/span><\/a>[\/vc_column_text][\/vc_column_inner][vc_column_inner width=\u00bb2\/3&#8243;][vc_gmaps link=\u00bb#E-8_JTNDaWZyYW1lJTIwc3JjJTNEJTIyaHR0cHMlM0ElMkYlMkZ3d3cuZ29vZ2xlLmNvbSUyRm1hcHMlMkZlbWJlZCUzRnBiJTNEJTIxMW0xOCUyMTFtMTIlMjExbTMlMjExZDM2NTguMDcxNjAyMTcxMzE5JTIxMmQtNDYuNjc1Nzk3Mzg0Mzk0OTU0JTIxM2QtMjMuNTI5OTI2OTY2MzE4NyUyMTJtMyUyMTFmMCUyMTJmMCUyMTNmMCUyMTNtMiUyMTFpMTAyNCUyMTJpNzY4JTIxNGYxMy4xJTIxM20zJTIxMW0yJTIxMXMweDk0Y2U1N2Y5MTBjNTk2MzUlMjUzQTB4YzgyNGMzNTNjNTQ0N2RjNSUyMTJzUi4lMjUyMERyLiUyNTIwQ29zdGElMjUyMEolMjVDMyUyNUJBbmlvciUyNTJDJTI1MjA0NTglMjUyMC0lMjUyMCUyNUMzJTI1ODFndWElMjUyMEJyYW5jYSUyNTJDJTI1MjBTJTI1QzMlMjVBM28lMjUyMFBhdWxvJTI1MjAtJTI1MjBTUCUyNTJDJTI1MjAwNTAwMi0wMDAlMjUyQyUyNTIwQnJhc2lsJTIxNWUwJTIxM20yJTIxMXNlcyUyMTJzYXIlMjE0djE2MzI0NjcxODYzODElMjE1bTIlMjExc2VzJTIxMnNhciUyMiUyMHdpZHRoJTNEJTIyNjAwJTIyJTIwaGVpZ2h0JTNEJTIyMzAwJTIyJTIwc3R5bGUlM0QlMjJib3JkZXIlM0EwJTNCJTIyJTIwYWxsb3dmdWxsc2NyZWVuJTNEJTIyJTIyJTIwbG9hZGluZyUzRCUyMmxhenklMjIlM0UlM0MlMkZpZnJhbWUlM0U=\u00bb][\/vc_column_inner][\/vc_row_inner][\/vc_column][\/vc_row][\/vc_section][vc_section css=\u00bb.vc_custom_1646311633381{margin-top: 0px !important;margin-right: 0px !important;margin-bottom: 0px !important;margin-left: 0px !important;padding-top: 4vh !important;padding-bottom: 10vh !important;}\u00bb mobile_bg_img_hidden=\u00bbno\u00bb tablet_bg_img_hidden=\u00bbno\u00bb woodmart_parallax=\u00bb0&#8243; woodmart_gradient_switch=\u00bbno\u00bb woodmart_disable_overflow=\u00bb0&#8243; el_id=\u00bbbrasil\u00bb][vc_row css=\u00bb.vc_custom_1607522956298{padding-top: 20px !important;padding-right: 20px !important;padding-bottom: 20px !important;padding-left: 20px !important;background-color: #f2f2f2 !important;}\u00bb mobile_bg_img_hidden=\u00bbno\u00bb tablet_bg_img_hidden=\u00bbno\u00bb woodmart_parallax=\u00bb0&#8243; woodmart_gradient_switch=\u00bbno\u00bb row_reverse_mobile=\u00bb0&#8243; row_reverse_tablet=\u00bb0&#8243; woodmart_disable_overflow=\u00bb0&#8243;][vc_column css=\u00bb.vc_custom_1607522974794{margin-top: 20px !important;margin-bottom: 20px !important;padding-top: 0px !important;padding-right: 10px !important;padding-bottom: 0px !important;padding-left: 10px !important;}\u00bb mobile_bg_img_hidden=\u00bbno\u00bb tablet_bg_img_hidden=\u00bbno\u00bb woodmart_parallax=\u00bb0&#8243; woodmart_sticky_column=\u00bbfalse\u00bb parallax_scroll=\u00bbno\u00bb mobile_reset_margin=\u00bbno\u00bb tablet_reset_margin=\u00bbno\u00bb][vc_custom_heading text=\u00bbEquipo Brasil\u00bb font_container=\u00bbtag:h2|font_size:30px|text_align:center|color:%23000000|line_height:30px\u00bb use_theme_fonts=\u00bbyes\u00bb css=\u00bb.vc_custom_1607522812236{margin-top: 0px !important;padding-top: 0px !important;padding-bottom: 30px !important;}\u00bb][vc_row_inner css=\u00bb.vc_custom_1607522543845{margin-bottom: 4vh !important;}\u00bb row_reverse_mobile=\u00bb0&#8243; row_reverse_tablet=\u00bb0&#8243;][vc_column_inner width=\u00bb1\/5&#8243;][vc_single_image image=\u00bb4062&#8243; img_size=\u00bbfull\u00bb alignment=\u00bbcenter\u00bb style=\u00bbvc_box_circle_2&#8243; css_animation=\u00bbfadeIn\u00bb el_class=\u00bbtestimg\u00bb parallax_scroll=\u00bbno\u00bb css=\u00bb.vc_custom_1607541922003{margin-top: 0px !important;margin-right: 0px !important;margin-bottom: 0px !important;margin-left: 0px !important;padding-top: 0px !important;padding-right: 0px !important;padding-bottom: 0px !important;padding-left: 0px !important;}\u00bb][vc_custom_heading text=\u00bbRodrigo Castro\u00bb font_container=\u00bbtag:h6|font_size:20px|text_align:center|color:%23333333&#8243; css=\u00bb.vc_custom_1607542785888{margin-top: 0px !important;margin-right: 0px !important;margin-bottom: 0px !important;margin-left: 0px !important;padding-top: 0px !important;padding-right: 0px !important;padding-bottom: 0px !important;padding-left: 0px !important;}\u00bb][vc_column_text css=\u00bb.vc_custom_1632466205536{margin-top: 0px !important;margin-right: 0px !important;margin-bottom: 10px !important;margin-left: 0px !important;padding-top: 0px !important;padding-right: 0px !important;padding-bottom: 0px !important;padding-left: 0px !important;}\u00bb text_larger=\u00bbno\u00bb]<\/p>\n<p style=\"text-align: center;\">Gerente de Pa\u00eds<\/p>\n<p>[\/vc_column_text][\/vc_column_inner][vc_column_inner width=\u00bb1\/5&#8243;][vc_single_image image=\u00bb4065&#8243; img_size=\u00bbfull\u00bb alignment=\u00bbcenter\u00bb style=\u00bbvc_box_circle_2&#8243; css_animation=\u00bbfadeIn\u00bb el_class=\u00bbtestimg\u00bb parallax_scroll=\u00bbno\u00bb css=\u00bb.vc_custom_1607541996990{margin-top: 0px !important;margin-right: 0px !important;margin-bottom: 0px !important;margin-left: 0px !important;padding-top: 0px !important;padding-right: 0px !important;padding-bottom: 0px !important;padding-left: 0px !important;}\u00bb][vc_custom_heading text=\u00bbMariana Pereira\u00bb font_container=\u00bbtag:h6|font_size:20px|text_align:center|color:%23333333&#8243; css=\u00bb.vc_custom_1607542837731{margin-top: 0px !important;margin-right: 0px !important;margin-bottom: 0px !important;margin-left: 0px !important;padding-top: 0px !important;padding-right: 0px !important;padding-bottom: 0px !important;padding-left: 0px !important;}\u00bb][vc_column_text css=\u00bb.vc_custom_1632466759022{margin-top: 0px !important;margin-right: 0px !important;margin-bottom: 10px !important;margin-left: 0px !important;padding-top: 0px !important;padding-right: 0px !important;padding-bottom: 0px !important;padding-left: 0px !important;}\u00bb text_larger=\u00bbno\u00bb]<\/p>\n<p style=\"text-align: center;\">Gerente Medio ambiente y Calidad<\/p>\n<p>[\/vc_column_text][\/vc_column_inner][vc_column_inner width=\u00bb1\/5&#8243;][vc_single_image image=\u00bb4066&#8243; img_size=\u00bbfull\u00bb alignment=\u00bbcenter\u00bb style=\u00bbvc_box_circle_2&#8243; css_animation=\u00bbfadeIn\u00bb el_class=\u00bbtestimg\u00bb parallax_scroll=\u00bbno\u00bb css=\u00bb.vc_custom_1607542016090{margin-top: 0px !important;margin-right: 0px !important;margin-bottom: 0px !important;margin-left: 0px !important;padding-top: 0px !important;padding-right: 0px !important;padding-bottom: 0px !important;padding-left: 0px !important;}\u00bb][vc_custom_heading text=\u00bbPaulo Lima\u00bb font_container=\u00bbtag:h6|font_size:20px|text_align:center|color:%23333333&#8243; css=\u00bb.vc_custom_1607542860629{margin-top: 0px !important;margin-right: 0px !important;margin-bottom: 0px !important;margin-left: 0px !important;padding-top: 0px !important;padding-right: 0px !important;padding-bottom: 0px !important;padding-left: 0px !important;}\u00bb][vc_column_text css=\u00bb.vc_custom_1632466773810{margin-top: 0px !important;margin-right: 0px !important;margin-bottom: 10px !important;margin-left: 0px !important;padding-top: 0px !important;padding-right: 0px !important;padding-bottom: 0px !important;padding-left: 0px !important;}\u00bb text_larger=\u00bbno\u00bb]<\/p>\n<p style=\"text-align: center;\">Gerente Programas Cacao y Ganader\u00eda<\/p>\n<p>[\/vc_column_text][\/vc_column_inner][vc_column_inner width=\u00bb1\/5&#8243;][vc_single_image image=\u00bb4068&#8243; img_size=\u00bbfull\u00bb alignment=\u00bbcenter\u00bb style=\u00bbvc_box_circle_2&#8243; css_animation=\u00bbfadeIn\u00bb el_class=\u00bbtestimg\u00bb parallax_scroll=\u00bbno\u00bb css=\u00bb.vc_custom_1607542082655{margin-top: 0px !important;margin-right: 0px !important;margin-bottom: 0px !important;margin-left: 0px !important;padding-top: 0px !important;padding-right: 0px !important;padding-bottom: 0px !important;padding-left: 0px !important;}\u00bb][vc_custom_heading text=\u00bbAline Silva\u00bb font_container=\u00bbtag:h6|font_size:20px|text_align:center|color:%23333333&#8243; css=\u00bb.vc_custom_1607542914854{margin-top: 0px !important;margin-right: 0px !important;margin-bottom: 0px !important;margin-left: 0px !important;padding-top: 0px !important;padding-right: 0px !important;padding-bottom: 0px !important;padding-left: 0px !important;}\u00bb][vc_column_text css=\u00bb.vc_custom_1632466813029{margin-top: 0px !important;margin-right: 0px !important;margin-bottom: 0px !important;margin-left: 0px !important;padding-top: 0px !important;padding-right: 0px !important;padding-bottom: 0px !important;padding-left: 0px !important;}\u00bb text_larger=\u00bbno\u00bb]<\/p>\n<p style=\"text-align: center;\">Gerente Programa Ca\u00f1a de Az\u00facar<\/p>\n<p>[\/vc_column_text][\/vc_column_inner][vc_column_inner width=\u00bb1\/5&#8243;][vc_single_image image=\u00bb4083&#8243; img_size=\u00bbfull\u00bb alignment=\u00bbcenter\u00bb style=\u00bbvc_box_circle_2&#8243; css_animation=\u00bbfadeIn\u00bb el_class=\u00bbtestimg\u00bb parallax_scroll=\u00bbno\u00bb css=\u00bb.vc_custom_1607542430832{margin-top: 0px !important;margin-right: 0px !important;margin-bottom: 0px !important;margin-left: 0px !important;padding-top: 0px !important;padding-right: 0px !important;padding-bottom: 0px !important;padding-left: 0px !important;}\u00bb][vc_custom_heading text=\u00bbViolaine Laurens\u00bb font_container=\u00bbtag:h6|font_size:20px|text_align:center|color:%23333333&#8243; css=\u00bb.vc_custom_1607543263684{margin-top: 0px !important;margin-right: 0px !important;margin-bottom: 0px !important;margin-left: 0px !important;padding-top: 0px !important;padding-right: 0px !important;padding-bottom: 0px !important;padding-left: 0px !important;}\u00bb][vc_column_text css=\u00bb.vc_custom_1632466871555{margin-top: 0px !important;margin-right: 0px !important;margin-bottom: 0px !important;margin-left: 0px !important;padding-top: 0px !important;padding-right: 0px !important;padding-bottom: 0px !important;padding-left: 0px !important;}\u00bb text_larger=\u00bbno\u00bb]<\/p>\n<p style=\"text-align: center;\">Gerente Unidad Digital (SDU)<\/p>\n<p>[\/vc_column_text][\/vc_column_inner][\/vc_row_inner][vc_row_inner css=\u00bb.vc_custom_1607522550911{margin-bottom: 4vh !important;}\u00bb row_reverse_mobile=\u00bb0&#8243; row_reverse_tablet=\u00bb0&#8243;][vc_column_inner width=\u00bb1\/5&#8243;][vc_single_image image=\u00bb4067&#8243; img_size=\u00bbfull\u00bb alignment=\u00bbcenter\u00bb style=\u00bbvc_box_circle_2&#8243; css_animation=\u00bbfadeIn\u00bb el_class=\u00bbtestimg\u00bb parallax_scroll=\u00bbno\u00bb css=\u00bb.vc_custom_1607542061543{margin-top: 0px !important;margin-right: 0px !important;margin-bottom: 0px !important;margin-left: 0px !important;padding-top: 0px !important;padding-right: 0px !important;padding-bottom: 0px !important;padding-left: 0px !important;}\u00bb][vc_custom_heading text=\u00bbJuliana Monti\u00bb font_container=\u00bbtag:h6|font_size:20px|text_align:center|color:%23333333&#8243; css=\u00bb.vc_custom_1607542889503{margin-top: 0px !important;margin-right: 0px !important;margin-bottom: 0px !important;margin-left: 0px !important;padding-top: 0px !important;padding-right: 0px !important;padding-bottom: 0px !important;padding-left: 0px !important;}\u00bb][vc_column_text css=\u00bb.vc_custom_1632466798315{margin-top: 0px !important;margin-right: 0px !important;margin-bottom: 0px !important;margin-left: 0px !important;padding-top: 0px !important;padding-right: 0px !important;padding-bottom: 0px !important;padding-left: 0px !important;}\u00bb text_larger=\u00bbno\u00bb]<\/p>\n<p style=\"text-align: center;\">Coordinadora Programa Soja<\/p>\n<p>[\/vc_column_text][\/vc_column_inner][vc_column_inner width=\u00bb1\/5&#8243;][vc_single_image image=\u00bb4069&#8243; img_size=\u00bbfull\u00bb alignment=\u00bbcenter\u00bb style=\u00bbvc_box_circle_2&#8243; css_animation=\u00bbfadeIn\u00bb el_class=\u00bbtestimg\u00bb parallax_scroll=\u00bbno\u00bb css=\u00bb.vc_custom_1607542108747{margin-top: 0px !important;margin-right: 0px !important;margin-bottom: 0px !important;margin-left: 0px !important;padding-top: 0px !important;padding-right: 0px !important;padding-bottom: 0px !important;padding-left: 0px !important;}\u00bb][vc_custom_heading text=\u00bbGuilherme Ortega\u00bb font_container=\u00bbtag:h6|font_size:20px|text_align:center|color:%23333333&#8243; css=\u00bb.vc_custom_1607542936551{margin-top: 0px !important;margin-right: 0px !important;margin-bottom: 0px !important;margin-left: 0px !important;padding-top: 0px !important;padding-right: 0px !important;padding-bottom: 0px !important;padding-left: 0px !important;}\u00bb][vc_column_text css=\u00bb.vc_custom_1632466845297{margin-top: 0px !important;margin-right: 0px !important;margin-bottom: 0px !important;margin-left: 0px !important;padding-top: 0px !important;padding-right: 0px !important;padding-bottom: 0px !important;padding-left: 0px !important;}\u00bb text_larger=\u00bbno\u00bb]<\/p>\n<p style=\"text-align: center;\">Coordinador Programa Naranja<\/p>\n<p>[\/vc_column_text][\/vc_column_inner][vc_column_inner width=\u00bb1\/5&#8243;][vc_single_image image=\u00bb4070&#8243; img_size=\u00bbfull\u00bb alignment=\u00bbcenter\u00bb style=\u00bbvc_box_circle_2&#8243; css_animation=\u00bbfadeIn\u00bb el_class=\u00bbtestimg\u00bb parallax_scroll=\u00bbno\u00bb css=\u00bb.vc_custom_1607542137162{margin-top: 0px !important;margin-right: 0px !important;margin-bottom: 0px !important;margin-left: 0px !important;padding-top: 0px !important;padding-right: 0px !important;padding-bottom: 0px !important;padding-left: 0px !important;}\u00bb][vc_custom_heading text=\u00bbMa\u00edra Nascimento\u00bb font_container=\u00bbtag:h6|font_size:20px|text_align:center|color:%23333333&#8243; css=\u00bb.vc_custom_1607542957288{margin-top: 0px !important;margin-right: 0px !important;margin-bottom: 0px !important;margin-left: 0px !important;padding-top: 0px !important;padding-right: 0px !important;padding-bottom: 0px !important;padding-left: 0px !important;}\u00bb][vc_column_text css=\u00bb.vc_custom_1632466860082{margin-top: 0px !important;margin-right: 0px !important;margin-bottom: 0px !important;margin-left: 0px !important;padding-top: 0px !important;padding-right: 0px !important;padding-bottom: 0px !important;padding-left: 0px !important;}\u00bb text_larger=\u00bbno\u00bb]<\/p>\n<p style=\"text-align: center;\">Coordinadora Programa Caf\u00e9<\/p>\n<p>[\/vc_column_text][\/vc_column_inner][vc_column_inner width=\u00bb1\/5&#8243;][vc_single_image image=\u00bb7788&#8243; img_size=\u00bbfull\u00bb alignment=\u00bbcenter\u00bb style=\u00bbvc_box_circle_2&#8243; css_animation=\u00bbfadeIn\u00bb el_class=\u00bbtestimg\u00bb parallax_scroll=\u00bbno\u00bb css=\u00bb.vc_custom_1635882968784{margin-top: 0px !important;margin-right: 0px !important;margin-bottom: 0px !important;margin-left: 0px !important;padding-top: 0px !important;padding-right: 0px !important;padding-bottom: 0px !important;padding-left: 0px !important;}\u00bb][vc_custom_heading text=\u00bbGabriel Dedini\u00bb font_container=\u00bbtag:h6|font_size:20px|text_align:center|color:%23333333&#8243; css=\u00bb.vc_custom_1632467000618{margin-top: 0px !important;margin-right: 0px !important;margin-bottom: 0px !important;margin-left: 0px !important;padding-top: 0px !important;padding-right: 0px !important;padding-bottom: 0px !important;padding-left: 0px !important;}\u00bb][vc_column_text css=\u00bb.vc_custom_1632467008701{margin-top: 0px !important;margin-right: 0px !important;margin-bottom: 0px !important;margin-left: 0px !important;padding-top: 0px !important;padding-right: 0px !important;padding-bottom: 0px !important;padding-left: 0px !important;}\u00bb text_larger=\u00bbno\u00bb]<\/p>\n<p style=\"text-align: center;\">Coordinador Programa Yerba Mate<\/p>\n<p>[\/vc_column_text][\/vc_column_inner][vc_column_inner width=\u00bb1\/5&#8243;][vc_single_image image=\u00bb4077&#8243; img_size=\u00bbfull\u00bb alignment=\u00bbcenter\u00bb style=\u00bbvc_box_circle_2&#8243; css_animation=\u00bbfadeIn\u00bb el_class=\u00bbtestimg\u00bb parallax_scroll=\u00bbno\u00bb css=\u00bb.vc_custom_1607542290143{margin-top: 0px !important;margin-right: 0px !important;margin-bottom: 0px !important;margin-left: 0px !important;padding-top: 0px !important;padding-right: 0px !important;padding-bottom: 0px !important;padding-left: 0px !important;}\u00bb][vc_custom_heading text=\u00bbLuiz Fernando Campos\u00bb font_container=\u00bbtag:h6|font_size:20px|text_align:center|color:%23333333&#8243; css=\u00bb.vc_custom_1607543120391{margin-top: 0px !important;margin-right: 0px !important;margin-bottom: 0px !important;margin-left: 0px !important;padding-top: 0px !important;padding-right: 0px !important;padding-bottom: 0px !important;padding-left: 0px !important;}\u00bb][vc_column_text css=\u00bb.vc_custom_1632466898879{margin-top: 0px !important;margin-right: 0px !important;margin-bottom: 0px !important;margin-left: 0px !important;padding-top: 0px !important;padding-right: 0px !important;padding-bottom: 0px !important;padding-left: 0px !important;}\u00bb text_larger=\u00bbno\u00bb]<\/p>\n<p style=\"text-align: center;\">Gerente de Comunicaciones<\/p>\n<p>[\/vc_column_text][\/vc_column_inner][\/vc_row_inner][vc_row_inner css=\u00bb.vc_custom_1607522550911{margin-bottom: 4vh !important;}\u00bb row_reverse_mobile=\u00bb0&#8243; row_reverse_tablet=\u00bb0&#8243;][vc_column_inner width=\u00bb1\/5&#8243;][\/vc_column_inner][vc_column_inner width=\u00bb1\/5&#8243;][vc_single_image image=\u00bb4079&#8243; img_size=\u00bbfull\u00bb alignment=\u00bbcenter\u00bb style=\u00bbvc_box_circle_2&#8243; css_animation=\u00bbfadeIn\u00bb el_class=\u00bbtestimg\u00bb parallax_scroll=\u00bbno\u00bb css=\u00bb.vc_custom_1607542338509{margin-top: 0px !important;margin-right: 0px !important;margin-bottom: 0px !important;margin-left: 0px !important;padding-top: 0px !important;padding-right: 0px !important;padding-bottom: 0px !important;padding-left: 0px !important;}\u00bb][vc_custom_heading text=\u00bbKatia de Paula\u00bb font_container=\u00bbtag:h6|font_size:20px|text_align:center|color:%23333333&#8243; css=\u00bb.vc_custom_1607543166012{margin-top: 0px !important;margin-right: 0px !important;margin-bottom: 0px !important;margin-left: 0px !important;padding-top: 0px !important;padding-right: 0px !important;padding-bottom: 0px !important;padding-left: 0px !important;}\u00bb][vc_column_text css=\u00bb.vc_custom_1607543189646{margin-top: 0px !important;margin-right: 0px !important;margin-bottom: 0px !important;margin-left: 0px !important;padding-top: 0px !important;padding-right: 0px !important;padding-bottom: 0px !important;padding-left: 0px !important;}\u00bb text_larger=\u00bbno\u00bb]<\/p>\n<p style=\"text-align: center;\">Analista RRHH<\/p>\n<p>[\/vc_column_text][\/vc_column_inner][vc_column_inner width=\u00bb1\/5&#8243;][vc_single_image image=\u00bb4081&#8243; img_size=\u00bbfull\u00bb alignment=\u00bbcenter\u00bb style=\u00bbvc_box_circle_2&#8243; css_animation=\u00bbfadeIn\u00bb el_class=\u00bbtestimg\u00bb parallax_scroll=\u00bbno\u00bb css=\u00bb.vc_custom_1607542374324{margin-top: 0px !important;margin-right: 0px !important;margin-bottom: 0px !important;margin-left: 0px !important;padding-top: 0px !important;padding-right: 0px !important;padding-bottom: 0px !important;padding-left: 0px !important;}\u00bb][vc_custom_heading text=\u00bbCleonice Vieira\u00bb font_container=\u00bbtag:h6|font_size:20px|text_align:center|color:%23333333&#8243; css=\u00bb.vc_custom_1607543219999{margin-top: 0px !important;margin-right: 0px !important;margin-bottom: 0px !important;margin-left: 0px !important;padding-top: 0px !important;padding-right: 0px !important;padding-bottom: 0px !important;padding-left: 0px !important;}\u00bb][vc_column_text css=\u00bb.vc_custom_1632466922609{margin-top: 0px !important;margin-right: 0px !important;margin-bottom: 0px !important;margin-left: 0px !important;padding-top: 0px !important;padding-right: 0px !important;padding-bottom: 0px !important;padding-left: 0px !important;}\u00bb text_larger=\u00bbno\u00bb]<\/p>\n<p style=\"text-align: center;\"><span style=\"font-weight: 400;\">Analista Financiera<\/span><\/p>\n<p>[\/vc_column_text][\/vc_column_inner][vc_column_inner width=\u00bb1\/5&#8243;][vc_single_image image=\u00bb4080&#8243; img_size=\u00bbfull\u00bb alignment=\u00bbcenter\u00bb style=\u00bbvc_box_circle_2&#8243; css_animation=\u00bbfadeIn\u00bb el_class=\u00bbtestimg\u00bb parallax_scroll=\u00bbno\u00bb css=\u00bb.vc_custom_1607542357564{margin-top: 0px !important;margin-right: 0px !important;margin-bottom: 0px !important;margin-left: 0px !important;padding-top: 0px !important;padding-right: 0px !important;padding-bottom: 0px !important;padding-left: 0px !important;}\u00bb][vc_custom_heading text=\u00bbAdailto Bruno\u00bb font_container=\u00bbtag:h6|font_size:20px|text_align:center|color:%23333333&#8243; css=\u00bb.vc_custom_1607543199828{margin-top: 0px !important;margin-right: 0px !important;margin-bottom: 0px !important;margin-left: 0px !important;padding-top: 0px !important;padding-right: 0px !important;padding-bottom: 0px !important;padding-left: 0px !important;}\u00bb][vc_column_text css=\u00bb.vc_custom_1607543208319{margin-top: 0px !important;margin-right: 0px !important;margin-bottom: 0px !important;margin-left: 0px !important;padding-top: 0px !important;padding-right: 0px !important;padding-bottom: 0px !important;padding-left: 0px !important;}\u00bb text_larger=\u00bbno\u00bb]<\/p>\n<p style=\"text-align: center;\">Analista Administrativo<\/p>\n<p>[\/vc_column_text][\/vc_column_inner][\/vc_row_inner][\/vc_column][\/vc_row][vc_row][vc_column]\n\t\t\t<!-- START C07 News brasil REVOLUTION SLIDER 6.7.35 --><p class=\"rs-p-wp-fix\"><\/p>\n\t\t\t<rs-module-wrap id=\"rev_slider_52_1_wrapper\" data-source=\"post\" style=\"visibility:hidden;background:transparent;padding:0;margin:0px auto;margin-top:0;margin-bottom:0;\">\n\t\t\t\t<rs-module id=\"rev_slider_52_1\" style=\"\" data-version=\"6.7.35\">\n\t\t\t\t\t<rs-slides style=\"overflow: hidden; position: absolute;\">\n\t\t\t\t\t\t<rs-slide style=\"position: absolute;\" data-key=\"rs-14049\" data-title=\"Funda\u00e7\u00e3o Solidaridad \u00e9 parceira da Coaliz\u00e3o Brasil em estudo que prop\u00f5e universaliza\u00e7\u00e3o da ATER\" data-anim=\"ms:1000;r:0;\" data-in=\"o:0;\" data-out=\"a:false;\">\n\t\t\t\t\t\t\t<img decoding=\"async\" src=\"\/\/solidaridadlatam.org\/brasil\/wp-content\/plugins\/revslider\/sr6\/assets\/assets\/dummy.png\" alt=\"Funda\u00e7\u00e3o Solidaridad \u00e9 parceira da Coaliz\u00e3o Brasil em estudo que prop\u00f5e universaliza\u00e7\u00e3o da ATER\" title=\"Brasil\" class=\"rev-slidebg tp-rs-img rs-lazyload\" data-lazyload=\"\/\/solidaridadlatam.org\/brasil\/wp-content\/plugins\/revslider\/sr6\/assets\/assets\/transparent.png\" data-no-retina>\n<!--\n\t\t\t\t\t\t\t--><rs-layer\n\t\t\t\t\t\t\t\tid=\"slider-52-slide-14049-layer-0\" \n\t\t\t\t\t\t\t\tdata-type=\"image\"\n\t\t\t\t\t\t\t\tdata-rsp_ch=\"on\"\n\t\t\t\t\t\t\t\tdata-xy=\"x:c;yo:9px,9px,9px,8px;\"\n\t\t\t\t\t\t\t\tdata-text=\"w:normal;s:20,20,20,18;l:0,0,0,23;\"\n\t\t\t\t\t\t\t\tdata-dim=\"w:[&#039;100%&#039;,&#039;100%&#039;,&#039;100%&#039;,&#039;100%&#039;];h:225px,225px,225px,240px;\"\n\t\t\t\t\t\t\t\tdata-frame_999=\"o:0;st:w;\"\n\t\t\t\t\t\t\t\tstyle=\"z-index:8;\"\n\t\t\t\t\t\t\t><img decoding=\"async\" src=\"\/\/solidaridadlatam.org\/brasil\/wp-content\/plugins\/revslider\/sr6\/assets\/assets\/dummy.png\" alt=\"\" class=\"tp-rs-img rs-lazyload\" width=\"1280\" height=\"720\" data-lazyload=\"\/\/solidaridadlatam.org\/brasil\/wp-content\/uploads\/2026\/03\/Capa-estudo-Nova-Governanca-ATER-1.png\" data-no-retina> \n\t\t\t\t\t\t\t<\/rs-layer><!--\n\n\t\t\t\t\t\t\t--><rs-layer\n\t\t\t\t\t\t\t\tid=\"slider-52-slide-14049-layer-4\" \n\t\t\t\t\t\t\t\tdata-type=\"text\"\n\t\t\t\t\t\t\t\tdata-color=\"#0c0c0c\"\n\t\t\t\t\t\t\t\tdata-rsp_ch=\"on\"\n\t\t\t\t\t\t\t\tdata-xy=\"x:c;y:t,t,t,b;yo:414px,414px,414px,35px;\"\n\t\t\t\t\t\t\t\tdata-text=\"w:normal;s:18,18,18,16;l:22,22,22,20;a:center;\"\n\t\t\t\t\t\t\t\tdata-padding=\"t:2;r:8;b:2;l:8;\"\n\t\t\t\t\t\t\t\tdata-frame_999=\"o:0;st:w;\"\n\t\t\t\t\t\t\t\tdata-frame_hover=\"c:#0c0c0c;bgc:#ffcc00;\"\n\t\t\t\t\t\t\t\tstyle=\"z-index:13;background-color:#d9d9c3;font-family:'Roboto';\"\n\t\t\t\t\t\t\t><a href=\"https:\/\/solidaridadlatam.org\/brasil\/categoria\/brasil\/\" title=\"View all posts in Brasil\" rel=\"category tag\">Brasil<\/a>, <a href=\"https:\/\/solidaridadlatam.org\/brasil\/categoria\/casos-de-estudos\/\" title=\"View all posts in Casos de estudos\" rel=\"category tag\">Casos de estudos<\/a>, <a href=\"https:\/\/solidaridadlatam.org\/brasil\/categoria\/news\/\" title=\"View all posts in Not\u00edcia\" rel=\"category tag\">Not\u00edcia<\/a>, <a href=\"https:\/\/solidaridadlatam.org\/brasil\/categoria\/publications\/\" title=\"View all posts in Publica\u00e7\u00e3o\" rel=\"category tag\">Publica\u00e7\u00e3o<\/a>, <a href=\"https:\/\/solidaridadlatam.org\/brasil\/paises\/brasil\/\" title=\"View all posts in Brasil\" rel=\"category tag\">Brasil<\/a> \n\t\t\t\t\t\t\t<\/rs-layer><!--\n\n\t\t\t\t\t\t\t--><rs-layer\n\t\t\t\t\t\t\t\tid=\"slider-52-slide-14049-layer-7\" \n\t\t\t\t\t\t\t\tdata-type=\"image\"\n\t\t\t\t\t\t\t\tdata-rsp_ch=\"on\"\n\t\t\t\t\t\t\t\tdata-xy=\"x:c;\"\n\t\t\t\t\t\t\t\tdata-text=\"w:normal;s:20,20,20,18;l:0,0,0,23;\"\n\t\t\t\t\t\t\t\tdata-dim=\"w:[&#039;100%&#039;,&#039;100%&#039;,&#039;100%&#039;,&#039;100%&#039;];\"\n\t\t\t\t\t\t\t\tdata-frame_999=\"o:0;st:w;\"\n\t\t\t\t\t\t\t\tstyle=\"z-index:11;\"\n\t\t\t\t\t\t\t><img decoding=\"async\" src=\"\/\/solidaridadlatam.org\/brasil\/wp-content\/plugins\/revslider\/sr6\/assets\/assets\/dummy.png\" alt=\"\" class=\"tp-rs-img rs-lazyload\" width=\"800\" height=\"50\" data-lazyload=\"\/\/solidaridadlatam.org\/brasil\/wp-content\/uploads\/2020\/09\/separador1200D.svg\" data-no-retina> \n\t\t\t\t\t\t\t<\/rs-layer><!--\n\n\t\t\t\t\t\t\t--><rs-layer\n\t\t\t\t\t\t\t\tid=\"slider-52-slide-14049-layer-8\" \n\t\t\t\t\t\t\t\tdata-type=\"image\"\n\t\t\t\t\t\t\t\tdata-rsp_ch=\"on\"\n\t\t\t\t\t\t\t\tdata-xy=\"x:c;yo:213px,213px,213px,225px;\"\n\t\t\t\t\t\t\t\tdata-text=\"w:normal;s:20,20,20,18;l:0,0,0,23;\"\n\t\t\t\t\t\t\t\tdata-dim=\"w:100%,100%,100%,466px;h:auto,auto,auto,29px;\"\n\t\t\t\t\t\t\t\tdata-frame_999=\"o:0;st:w;\"\n\t\t\t\t\t\t\t\tstyle=\"z-index:12;\"\n\t\t\t\t\t\t\t><img decoding=\"async\" src=\"\/\/solidaridadlatam.org\/brasil\/wp-content\/plugins\/revslider\/sr6\/assets\/assets\/dummy.png\" alt=\"\" class=\"tp-rs-img rs-lazyload\" width=\"800\" height=\"50\" data-lazyload=\"\/\/solidaridadlatam.org\/brasil\/wp-content\/uploads\/2020\/09\/separador800.svg\" data-no-retina> \n\t\t\t\t\t\t\t<\/rs-layer><!--\n\n\t\t\t\t\t\t\t--><a\n\t\t\t\t\t\t\t\tid=\"slider-52-slide-14049-layer-11\" \n\t\t\t\t\t\t\t\tclass=\"rs-layer\"\n\t\t\t\t\t\t\t\thref=\"https:\/\/solidaridadlatam.org\/brasil\/news\/estudo-sobre-governanca-ater\/\" target=\"_self\" rel=\"nofollow\"\n\t\t\t\t\t\t\t\tdata-type=\"text\"\n\t\t\t\t\t\t\t\tdata-color=\"#000000\"\n\t\t\t\t\t\t\t\tdata-rsp_ch=\"on\"\n\t\t\t\t\t\t\t\tdata-xy=\"x:c;yo:266px,266px,266px,274px;\"\n\t\t\t\t\t\t\t\tdata-text=\"w:normal;s:24,24,24,18;l:32,32,32,22;a:inherit;\"\n\t\t\t\t\t\t\t\tdata-dim=\"w:100%,100%,100%,333px;h:130px,130px,130px,89px;\"\n\t\t\t\t\t\t\t\tdata-frame_999=\"o:0;st:w;\"\n\t\t\t\t\t\t\t\tdata-frame_hover=\"c:#ffcc00;\"\n\t\t\t\t\t\t\t\tstyle=\"z-index:9;font-family:'Source Sans Pro';cursor:pointer;\"\n\t\t\t\t\t\t\t><span style=\"font-weight: bolder;\">Funda\u00e7\u00e3o Solidaridad \u00e9 parceira da Coaliz\u00e3o Brasil em estudo que prop\u00f5e universaliza\u00e7\u00e3o da ATER<\/span><br><span style=\"font-size: 16px;\">marzo 31, 2026 \n\t\t\t\t\t\t\t<\/a><!--\n-->\t\t\t\t\t<\/rs-slide>\n\t\t\t\t\t\t<rs-slide style=\"position: absolute;\" data-key=\"rs-13955\" data-title=\"Funda\u00e7\u00e3o Solidaridad conclui 11 anos de contribui\u00e7\u00e3o ao Elos\" data-anim=\"ms:1000;r:0;\" data-in=\"o:0;\" data-out=\"a:false;\">\n\t\t\t\t\t\t\t<img decoding=\"async\" src=\"\/\/solidaridadlatam.org\/brasil\/wp-content\/plugins\/revslider\/sr6\/assets\/assets\/dummy.png\" alt=\"Funda\u00e7\u00e3o Solidaridad conclui 11 anos de contribui\u00e7\u00e3o ao Elos\" title=\"Brasil\" class=\"rev-slidebg tp-rs-img rs-lazyload\" data-lazyload=\"\/\/solidaridadlatam.org\/brasil\/wp-content\/plugins\/revslider\/sr6\/assets\/assets\/transparent.png\" data-no-retina>\n<!--\n\t\t\t\t\t\t\t--><rs-layer\n\t\t\t\t\t\t\t\tid=\"slider-52-slide-13955-layer-0\" \n\t\t\t\t\t\t\t\tdata-type=\"image\"\n\t\t\t\t\t\t\t\tdata-rsp_ch=\"on\"\n\t\t\t\t\t\t\t\tdata-xy=\"x:c;yo:9px,9px,9px,8px;\"\n\t\t\t\t\t\t\t\tdata-text=\"w:normal;s:20,20,20,18;l:0,0,0,23;\"\n\t\t\t\t\t\t\t\tdata-dim=\"w:[&#039;100%&#039;,&#039;100%&#039;,&#039;100%&#039;,&#039;100%&#039;];h:225px,225px,225px,240px;\"\n\t\t\t\t\t\t\t\tdata-frame_999=\"o:0;st:w;\"\n\t\t\t\t\t\t\t\tstyle=\"z-index:8;\"\n\t\t\t\t\t\t\t><img decoding=\"async\" src=\"\/\/solidaridadlatam.org\/brasil\/wp-content\/plugins\/revslider\/sr6\/assets\/assets\/dummy.png\" alt=\"\" class=\"tp-rs-img rs-lazyload\" width=\"1280\" height=\"720\" data-lazyload=\"\/\/solidaridadlatam.org\/brasil\/wp-content\/uploads\/2026\/03\/fim_elos_01.jpg\" data-no-retina> \n\t\t\t\t\t\t\t<\/rs-layer><!--\n\n\t\t\t\t\t\t\t--><rs-layer\n\t\t\t\t\t\t\t\tid=\"slider-52-slide-13955-layer-4\" \n\t\t\t\t\t\t\t\tdata-type=\"text\"\n\t\t\t\t\t\t\t\tdata-color=\"#0c0c0c\"\n\t\t\t\t\t\t\t\tdata-rsp_ch=\"on\"\n\t\t\t\t\t\t\t\tdata-xy=\"x:c;y:t,t,t,b;yo:414px,414px,414px,35px;\"\n\t\t\t\t\t\t\t\tdata-text=\"w:normal;s:18,18,18,16;l:22,22,22,20;a:center;\"\n\t\t\t\t\t\t\t\tdata-padding=\"t:2;r:8;b:2;l:8;\"\n\t\t\t\t\t\t\t\tdata-frame_999=\"o:0;st:w;\"\n\t\t\t\t\t\t\t\tdata-frame_hover=\"c:#0c0c0c;bgc:#ffcc00;\"\n\t\t\t\t\t\t\t\tstyle=\"z-index:13;background-color:#d9d9c3;font-family:'Roboto';\"\n\t\t\t\t\t\t\t><a href=\"https:\/\/solidaridadlatam.org\/brasil\/categoria\/brasil\/\" title=\"View all posts in Brasil\" rel=\"category tag\">Brasil<\/a>, <a href=\"https:\/\/solidaridadlatam.org\/brasil\/categoria\/cana-de-acucar\/\" title=\"View all posts in Cana-de-A\u00e7\u00facar\" rel=\"category tag\">Cana-de-A\u00e7\u00facar<\/a>, <a href=\"https:\/\/solidaridadlatam.org\/brasil\/categoria\/digital\/\" title=\"View all posts in Digital\" rel=\"category tag\">Digital<\/a>, <a href=\"https:\/\/solidaridadlatam.org\/brasil\/categoria\/extension-solution\/\" title=\"View all posts in Extension Solution\" rel=\"category tag\">Extension Solution<\/a>, <a href=\"https:\/\/solidaridadlatam.org\/brasil\/categoria\/news\/\" title=\"View all posts in Not\u00edcia\" rel=\"category tag\">Not\u00edcia<\/a>, <a href=\"https:\/\/solidaridadlatam.org\/brasil\/categoria\/solucoes-digitais\/\" title=\"View all posts in Solu\u00e7\u00f5es Digitais\" rel=\"category tag\">Solu\u00e7\u00f5es Digitais<\/a>, <a href=\"https:\/\/solidaridadlatam.org\/brasil\/paises\/brasil\/\" title=\"View all posts in Brasil\" rel=\"category tag\">Brasil<\/a> \n\t\t\t\t\t\t\t<\/rs-layer><!--\n\n\t\t\t\t\t\t\t--><rs-layer\n\t\t\t\t\t\t\t\tid=\"slider-52-slide-13955-layer-7\" \n\t\t\t\t\t\t\t\tdata-type=\"image\"\n\t\t\t\t\t\t\t\tdata-rsp_ch=\"on\"\n\t\t\t\t\t\t\t\tdata-xy=\"x:c;\"\n\t\t\t\t\t\t\t\tdata-text=\"w:normal;s:20,20,20,18;l:0,0,0,23;\"\n\t\t\t\t\t\t\t\tdata-dim=\"w:[&#039;100%&#039;,&#039;100%&#039;,&#039;100%&#039;,&#039;100%&#039;];\"\n\t\t\t\t\t\t\t\tdata-frame_999=\"o:0;st:w;\"\n\t\t\t\t\t\t\t\tstyle=\"z-index:11;\"\n\t\t\t\t\t\t\t><img decoding=\"async\" src=\"\/\/solidaridadlatam.org\/brasil\/wp-content\/plugins\/revslider\/sr6\/assets\/assets\/dummy.png\" alt=\"\" class=\"tp-rs-img rs-lazyload\" width=\"800\" height=\"50\" data-lazyload=\"\/\/solidaridadlatam.org\/brasil\/wp-content\/uploads\/2020\/09\/separador1200D.svg\" data-no-retina> \n\t\t\t\t\t\t\t<\/rs-layer><!--\n\n\t\t\t\t\t\t\t--><rs-layer\n\t\t\t\t\t\t\t\tid=\"slider-52-slide-13955-layer-8\" \n\t\t\t\t\t\t\t\tdata-type=\"image\"\n\t\t\t\t\t\t\t\tdata-rsp_ch=\"on\"\n\t\t\t\t\t\t\t\tdata-xy=\"x:c;yo:213px,213px,213px,225px;\"\n\t\t\t\t\t\t\t\tdata-text=\"w:normal;s:20,20,20,18;l:0,0,0,23;\"\n\t\t\t\t\t\t\t\tdata-dim=\"w:100%,100%,100%,466px;h:auto,auto,auto,29px;\"\n\t\t\t\t\t\t\t\tdata-frame_999=\"o:0;st:w;\"\n\t\t\t\t\t\t\t\tstyle=\"z-index:12;\"\n\t\t\t\t\t\t\t><img decoding=\"async\" src=\"\/\/solidaridadlatam.org\/brasil\/wp-content\/plugins\/revslider\/sr6\/assets\/assets\/dummy.png\" alt=\"\" class=\"tp-rs-img rs-lazyload\" width=\"800\" height=\"50\" data-lazyload=\"\/\/solidaridadlatam.org\/brasil\/wp-content\/uploads\/2020\/09\/separador800.svg\" data-no-retina> \n\t\t\t\t\t\t\t<\/rs-layer><!--\n\n\t\t\t\t\t\t\t--><a\n\t\t\t\t\t\t\t\tid=\"slider-52-slide-13955-layer-11\" \n\t\t\t\t\t\t\t\tclass=\"rs-layer\"\n\t\t\t\t\t\t\t\thref=\"https:\/\/solidaridadlatam.org\/brasil\/news\/fim-parceria-elos\/\" target=\"_self\" rel=\"nofollow\"\n\t\t\t\t\t\t\t\tdata-type=\"text\"\n\t\t\t\t\t\t\t\tdata-color=\"#000000\"\n\t\t\t\t\t\t\t\tdata-rsp_ch=\"on\"\n\t\t\t\t\t\t\t\tdata-xy=\"x:c;yo:266px,266px,266px,274px;\"\n\t\t\t\t\t\t\t\tdata-text=\"w:normal;s:24,24,24,18;l:32,32,32,22;a:inherit;\"\n\t\t\t\t\t\t\t\tdata-dim=\"w:100%,100%,100%,333px;h:130px,130px,130px,89px;\"\n\t\t\t\t\t\t\t\tdata-frame_999=\"o:0;st:w;\"\n\t\t\t\t\t\t\t\tdata-frame_hover=\"c:#ffcc00;\"\n\t\t\t\t\t\t\t\tstyle=\"z-index:9;font-family:'Source Sans Pro';cursor:pointer;\"\n\t\t\t\t\t\t\t><span style=\"font-weight: bolder;\">Funda\u00e7\u00e3o Solidaridad conclui 11 anos de contribui\u00e7\u00e3o ao Elos<\/span><br><span style=\"font-size: 16px;\">marzo 16, 2026 \n\t\t\t\t\t\t\t<\/a><!--\n-->\t\t\t\t\t<\/rs-slide>\n\t\t\t\t\t\t<rs-slide style=\"position: absolute;\" data-key=\"rs-13709\" data-title=\"Solidaridad lan\u00e7a caderno de campo para a soja\" data-anim=\"ms:1000;r:0;\" data-in=\"o:0;\" data-out=\"a:false;\">\n\t\t\t\t\t\t\t<img decoding=\"async\" src=\"\/\/solidaridadlatam.org\/brasil\/wp-content\/plugins\/revslider\/sr6\/assets\/assets\/dummy.png\" alt=\"Solidaridad lan\u00e7a caderno de campo para a soja\" title=\"Brasil\" class=\"rev-slidebg tp-rs-img rs-lazyload\" data-lazyload=\"\/\/solidaridadlatam.org\/brasil\/wp-content\/plugins\/revslider\/sr6\/assets\/assets\/transparent.png\" data-no-retina>\n<!--\n\t\t\t\t\t\t\t--><rs-layer\n\t\t\t\t\t\t\t\tid=\"slider-52-slide-13709-layer-0\" \n\t\t\t\t\t\t\t\tdata-type=\"image\"\n\t\t\t\t\t\t\t\tdata-rsp_ch=\"on\"\n\t\t\t\t\t\t\t\tdata-xy=\"x:c;yo:9px,9px,9px,8px;\"\n\t\t\t\t\t\t\t\tdata-text=\"w:normal;s:20,20,20,18;l:0,0,0,23;\"\n\t\t\t\t\t\t\t\tdata-dim=\"w:[&#039;100%&#039;,&#039;100%&#039;,&#039;100%&#039;,&#039;100%&#039;];h:225px,225px,225px,240px;\"\n\t\t\t\t\t\t\t\tdata-frame_999=\"o:0;st:w;\"\n\t\t\t\t\t\t\t\tstyle=\"z-index:8;\"\n\t\t\t\t\t\t\t><img decoding=\"async\" src=\"\/\/solidaridadlatam.org\/brasil\/wp-content\/plugins\/revslider\/sr6\/assets\/assets\/dummy.png\" alt=\"\" class=\"tp-rs-img rs-lazyload\" width=\"6000\" height=\"4000\" data-lazyload=\"\/\/solidaridadlatam.org\/brasil\/wp-content\/uploads\/2025\/12\/IMG_6100.jpg\" data-no-retina> \n\t\t\t\t\t\t\t<\/rs-layer><!--\n\n\t\t\t\t\t\t\t--><rs-layer\n\t\t\t\t\t\t\t\tid=\"slider-52-slide-13709-layer-4\" \n\t\t\t\t\t\t\t\tdata-type=\"text\"\n\t\t\t\t\t\t\t\tdata-color=\"#0c0c0c\"\n\t\t\t\t\t\t\t\tdata-rsp_ch=\"on\"\n\t\t\t\t\t\t\t\tdata-xy=\"x:c;y:t,t,t,b;yo:414px,414px,414px,35px;\"\n\t\t\t\t\t\t\t\tdata-text=\"w:normal;s:18,18,18,16;l:22,22,22,20;a:center;\"\n\t\t\t\t\t\t\t\tdata-padding=\"t:2;r:8;b:2;l:8;\"\n\t\t\t\t\t\t\t\tdata-frame_999=\"o:0;st:w;\"\n\t\t\t\t\t\t\t\tdata-frame_hover=\"c:#0c0c0c;bgc:#ffcc00;\"\n\t\t\t\t\t\t\t\tstyle=\"z-index:13;background-color:#d9d9c3;font-family:'Roboto';\"\n\t\t\t\t\t\t\t><a href=\"https:\/\/solidaridadlatam.org\/brasil\/categoria\/brasil\/\" title=\"View all posts in Brasil\" rel=\"category tag\">Brasil<\/a>, <a href=\"https:\/\/solidaridadlatam.org\/brasil\/categoria\/news\/\" title=\"View all posts in Not\u00edcia\" rel=\"category tag\">Not\u00edcia<\/a>, <a href=\"https:\/\/solidaridadlatam.org\/brasil\/categoria\/projeto\/\" title=\"View all posts in Projeto\" rel=\"category tag\">Projeto<\/a>, <a href=\"https:\/\/solidaridadlatam.org\/brasil\/categoria\/soja\/\" title=\"View all posts in Soja\" rel=\"category tag\">Soja<\/a>, <a href=\"https:\/\/solidaridadlatam.org\/brasil\/programa\/soja\/\" title=\"View all posts in Soja\" rel=\"category tag\">Soja<\/a> \n\t\t\t\t\t\t\t<\/rs-layer><!--\n\n\t\t\t\t\t\t\t--><rs-layer\n\t\t\t\t\t\t\t\tid=\"slider-52-slide-13709-layer-7\" \n\t\t\t\t\t\t\t\tdata-type=\"image\"\n\t\t\t\t\t\t\t\tdata-rsp_ch=\"on\"\n\t\t\t\t\t\t\t\tdata-xy=\"x:c;\"\n\t\t\t\t\t\t\t\tdata-text=\"w:normal;s:20,20,20,18;l:0,0,0,23;\"\n\t\t\t\t\t\t\t\tdata-dim=\"w:[&#039;100%&#039;,&#039;100%&#039;,&#039;100%&#039;,&#039;100%&#039;];\"\n\t\t\t\t\t\t\t\tdata-frame_999=\"o:0;st:w;\"\n\t\t\t\t\t\t\t\tstyle=\"z-index:11;\"\n\t\t\t\t\t\t\t><img decoding=\"async\" src=\"\/\/solidaridadlatam.org\/brasil\/wp-content\/plugins\/revslider\/sr6\/assets\/assets\/dummy.png\" alt=\"\" class=\"tp-rs-img rs-lazyload\" width=\"800\" height=\"50\" data-lazyload=\"\/\/solidaridadlatam.org\/brasil\/wp-content\/uploads\/2020\/09\/separador1200D.svg\" data-no-retina> \n\t\t\t\t\t\t\t<\/rs-layer><!--\n\n\t\t\t\t\t\t\t--><rs-layer\n\t\t\t\t\t\t\t\tid=\"slider-52-slide-13709-layer-8\" \n\t\t\t\t\t\t\t\tdata-type=\"image\"\n\t\t\t\t\t\t\t\tdata-rsp_ch=\"on\"\n\t\t\t\t\t\t\t\tdata-xy=\"x:c;yo:213px,213px,213px,225px;\"\n\t\t\t\t\t\t\t\tdata-text=\"w:normal;s:20,20,20,18;l:0,0,0,23;\"\n\t\t\t\t\t\t\t\tdata-dim=\"w:100%,100%,100%,466px;h:auto,auto,auto,29px;\"\n\t\t\t\t\t\t\t\tdata-frame_999=\"o:0;st:w;\"\n\t\t\t\t\t\t\t\tstyle=\"z-index:12;\"\n\t\t\t\t\t\t\t><img decoding=\"async\" src=\"\/\/solidaridadlatam.org\/brasil\/wp-content\/plugins\/revslider\/sr6\/assets\/assets\/dummy.png\" alt=\"\" class=\"tp-rs-img rs-lazyload\" width=\"800\" height=\"50\" data-lazyload=\"\/\/solidaridadlatam.org\/brasil\/wp-content\/uploads\/2020\/09\/separador800.svg\" data-no-retina> \n\t\t\t\t\t\t\t<\/rs-layer><!--\n\n\t\t\t\t\t\t\t--><a\n\t\t\t\t\t\t\t\tid=\"slider-52-slide-13709-layer-11\" \n\t\t\t\t\t\t\t\tclass=\"rs-layer\"\n\t\t\t\t\t\t\t\thref=\"https:\/\/solidaridadlatam.org\/brasil\/news\/solidaridad-lanca-caderno-de-campo-para-soja\/\" target=\"_self\" rel=\"nofollow\"\n\t\t\t\t\t\t\t\tdata-type=\"text\"\n\t\t\t\t\t\t\t\tdata-color=\"#000000\"\n\t\t\t\t\t\t\t\tdata-rsp_ch=\"on\"\n\t\t\t\t\t\t\t\tdata-xy=\"x:c;yo:266px,266px,266px,274px;\"\n\t\t\t\t\t\t\t\tdata-text=\"w:normal;s:24,24,24,18;l:32,32,32,22;a:inherit;\"\n\t\t\t\t\t\t\t\tdata-dim=\"w:100%,100%,100%,333px;h:130px,130px,130px,89px;\"\n\t\t\t\t\t\t\t\tdata-frame_999=\"o:0;st:w;\"\n\t\t\t\t\t\t\t\tdata-frame_hover=\"c:#ffcc00;\"\n\t\t\t\t\t\t\t\tstyle=\"z-index:9;font-family:'Source Sans Pro';cursor:pointer;\"\n\t\t\t\t\t\t\t><span style=\"font-weight: bolder;\">Solidaridad lan\u00e7a caderno de campo para a soja<\/span><br><span style=\"font-size: 16px;\">diciembre 17, 2025 \n\t\t\t\t\t\t\t<\/a><!--\n-->\t\t\t\t\t<\/rs-slide>\n\t\t\t\t\t\t<rs-slide style=\"position: absolute;\" data-key=\"rs-13686\" data-title=\"Expans\u00e3o sustent\u00e1vel de palma de \u00f3leo pode beneficiar 25 mil fam\u00edlias produtoras de pequena e m\u00e9dia escala\" data-anim=\"ms:1000;r:0;\" data-in=\"o:0;\" data-out=\"a:false;\">\n\t\t\t\t\t\t\t<img decoding=\"async\" src=\"\/\/solidaridadlatam.org\/brasil\/wp-content\/plugins\/revslider\/sr6\/assets\/assets\/dummy.png\" alt=\"Expans\u00e3o sustent\u00e1vel de palma de \u00f3leo pode beneficiar 25 mil fam\u00edlias produtoras de pequena e m\u00e9dia escala\" title=\"Brasil\" class=\"rev-slidebg tp-rs-img rs-lazyload\" data-lazyload=\"\/\/solidaridadlatam.org\/brasil\/wp-content\/plugins\/revslider\/sr6\/assets\/assets\/transparent.png\" data-no-retina>\n<!--\n\t\t\t\t\t\t\t--><rs-layer\n\t\t\t\t\t\t\t\tid=\"slider-52-slide-13686-layer-0\" \n\t\t\t\t\t\t\t\tdata-type=\"image\"\n\t\t\t\t\t\t\t\tdata-rsp_ch=\"on\"\n\t\t\t\t\t\t\t\tdata-xy=\"x:c;yo:9px,9px,9px,8px;\"\n\t\t\t\t\t\t\t\tdata-text=\"w:normal;s:20,20,20,18;l:0,0,0,23;\"\n\t\t\t\t\t\t\t\tdata-dim=\"w:[&#039;100%&#039;,&#039;100%&#039;,&#039;100%&#039;,&#039;100%&#039;];h:225px,225px,225px,240px;\"\n\t\t\t\t\t\t\t\tdata-frame_999=\"o:0;st:w;\"\n\t\t\t\t\t\t\t\tstyle=\"z-index:8;\"\n\t\t\t\t\t\t\t><img decoding=\"async\" src=\"\/\/solidaridadlatam.org\/brasil\/wp-content\/plugins\/revslider\/sr6\/assets\/assets\/dummy.png\" alt=\"\" class=\"tp-rs-img rs-lazyload\" width=\"1766\" height=\"1179\" data-lazyload=\"\/\/solidaridadlatam.org\/brasil\/wp-content\/uploads\/2025\/12\/1-1.jpg\" data-no-retina> \n\t\t\t\t\t\t\t<\/rs-layer><!--\n\n\t\t\t\t\t\t\t--><rs-layer\n\t\t\t\t\t\t\t\tid=\"slider-52-slide-13686-layer-4\" \n\t\t\t\t\t\t\t\tdata-type=\"text\"\n\t\t\t\t\t\t\t\tdata-color=\"#0c0c0c\"\n\t\t\t\t\t\t\t\tdata-rsp_ch=\"on\"\n\t\t\t\t\t\t\t\tdata-xy=\"x:c;y:t,t,t,b;yo:414px,414px,414px,35px;\"\n\t\t\t\t\t\t\t\tdata-text=\"w:normal;s:18,18,18,16;l:22,22,22,20;a:center;\"\n\t\t\t\t\t\t\t\tdata-padding=\"t:2;r:8;b:2;l:8;\"\n\t\t\t\t\t\t\t\tdata-frame_999=\"o:0;st:w;\"\n\t\t\t\t\t\t\t\tdata-frame_hover=\"c:#0c0c0c;bgc:#ffcc00;\"\n\t\t\t\t\t\t\t\tstyle=\"z-index:13;background-color:#d9d9c3;font-family:'Roboto';\"\n\t\t\t\t\t\t\t><a href=\"https:\/\/solidaridadlatam.org\/brasil\/categoria\/amazonia\/\" title=\"View all posts in Amaz\u00f4nia\" rel=\"category tag\">Amaz\u00f4nia<\/a>, <a href=\"https:\/\/solidaridadlatam.org\/brasil\/categoria\/brasil\/\" title=\"View all posts in Brasil\" rel=\"category tag\">Brasil<\/a>, <a href=\"https:\/\/solidaridadlatam.org\/brasil\/categoria\/news\/\" title=\"View all posts in Not\u00edcia\" rel=\"category tag\">Not\u00edcia<\/a>, <a href=\"https:\/\/solidaridadlatam.org\/brasil\/categoria\/palma\/\" title=\"View all posts in \u00d3leo de Palma\" rel=\"category tag\">\u00d3leo de Palma<\/a>, <a href=\"https:\/\/solidaridadlatam.org\/brasil\/paises\/brasil\/\" title=\"View all posts in Brasil\" rel=\"category tag\">Brasil<\/a> \n\t\t\t\t\t\t\t<\/rs-layer><!--\n\n\t\t\t\t\t\t\t--><rs-layer\n\t\t\t\t\t\t\t\tid=\"slider-52-slide-13686-layer-7\" \n\t\t\t\t\t\t\t\tdata-type=\"image\"\n\t\t\t\t\t\t\t\tdata-rsp_ch=\"on\"\n\t\t\t\t\t\t\t\tdata-xy=\"x:c;\"\n\t\t\t\t\t\t\t\tdata-text=\"w:normal;s:20,20,20,18;l:0,0,0,23;\"\n\t\t\t\t\t\t\t\tdata-dim=\"w:[&#039;100%&#039;,&#039;100%&#039;,&#039;100%&#039;,&#039;100%&#039;];\"\n\t\t\t\t\t\t\t\tdata-frame_999=\"o:0;st:w;\"\n\t\t\t\t\t\t\t\tstyle=\"z-index:11;\"\n\t\t\t\t\t\t\t><img decoding=\"async\" src=\"\/\/solidaridadlatam.org\/brasil\/wp-content\/plugins\/revslider\/sr6\/assets\/assets\/dummy.png\" alt=\"\" class=\"tp-rs-img rs-lazyload\" width=\"800\" height=\"50\" data-lazyload=\"\/\/solidaridadlatam.org\/brasil\/wp-content\/uploads\/2020\/09\/separador1200D.svg\" data-no-retina> \n\t\t\t\t\t\t\t<\/rs-layer><!--\n\n\t\t\t\t\t\t\t--><rs-layer\n\t\t\t\t\t\t\t\tid=\"slider-52-slide-13686-layer-8\" \n\t\t\t\t\t\t\t\tdata-type=\"image\"\n\t\t\t\t\t\t\t\tdata-rsp_ch=\"on\"\n\t\t\t\t\t\t\t\tdata-xy=\"x:c;yo:213px,213px,213px,225px;\"\n\t\t\t\t\t\t\t\tdata-text=\"w:normal;s:20,20,20,18;l:0,0,0,23;\"\n\t\t\t\t\t\t\t\tdata-dim=\"w:100%,100%,100%,466px;h:auto,auto,auto,29px;\"\n\t\t\t\t\t\t\t\tdata-frame_999=\"o:0;st:w;\"\n\t\t\t\t\t\t\t\tstyle=\"z-index:12;\"\n\t\t\t\t\t\t\t><img decoding=\"async\" src=\"\/\/solidaridadlatam.org\/brasil\/wp-content\/plugins\/revslider\/sr6\/assets\/assets\/dummy.png\" alt=\"\" class=\"tp-rs-img rs-lazyload\" width=\"800\" height=\"50\" data-lazyload=\"\/\/solidaridadlatam.org\/brasil\/wp-content\/uploads\/2020\/09\/separador800.svg\" data-no-retina> \n\t\t\t\t\t\t\t<\/rs-layer><!--\n\n\t\t\t\t\t\t\t--><a\n\t\t\t\t\t\t\t\tid=\"slider-52-slide-13686-layer-11\" \n\t\t\t\t\t\t\t\tclass=\"rs-layer\"\n\t\t\t\t\t\t\t\thref=\"https:\/\/solidaridadlatam.org\/brasil\/news\/estudo-expansao-sustentavel-de-palma-de-oleo-no-para\/\" target=\"_self\" rel=\"nofollow\"\n\t\t\t\t\t\t\t\tdata-type=\"text\"\n\t\t\t\t\t\t\t\tdata-color=\"#000000\"\n\t\t\t\t\t\t\t\tdata-rsp_ch=\"on\"\n\t\t\t\t\t\t\t\tdata-xy=\"x:c;yo:266px,266px,266px,274px;\"\n\t\t\t\t\t\t\t\tdata-text=\"w:normal;s:24,24,24,18;l:32,32,32,22;a:inherit;\"\n\t\t\t\t\t\t\t\tdata-dim=\"w:100%,100%,100%,333px;h:130px,130px,130px,89px;\"\n\t\t\t\t\t\t\t\tdata-frame_999=\"o:0;st:w;\"\n\t\t\t\t\t\t\t\tdata-frame_hover=\"c:#ffcc00;\"\n\t\t\t\t\t\t\t\tstyle=\"z-index:9;font-family:'Source Sans Pro';cursor:pointer;\"\n\t\t\t\t\t\t\t><span style=\"font-weight: bolder;\">Expans\u00e3o sustent\u00e1vel de palma de \u00f3leo pode beneficiar 25 mil fam\u00edlias produtoras de pequena e m\u00e9dia escala<\/span><br><span style=\"font-size: 16px;\">diciembre 16, 2025 \n\t\t\t\t\t\t\t<\/a><!--\n-->\t\t\t\t\t<\/rs-slide>\n\t\t\t\t\t\t<rs-slide style=\"position: absolute;\" data-key=\"rs-13674\" data-title=\"Funda\u00e7\u00e3o Solidaridad consolida presen\u00e7a na COP30 de Bel\u00e9m com participa\u00e7\u00e3o em mais de 20 eventos\" data-anim=\"ms:1000;r:0;\" data-in=\"o:0;\" data-out=\"a:false;\">\n\t\t\t\t\t\t\t<img decoding=\"async\" src=\"\/\/solidaridadlatam.org\/brasil\/wp-content\/plugins\/revslider\/sr6\/assets\/assets\/dummy.png\" alt=\"Funda\u00e7\u00e3o Solidaridad consolida presen\u00e7a na COP30 de Bel\u00e9m com participa\u00e7\u00e3o em mais de 20 eventos\" title=\"Brasil\" class=\"rev-slidebg tp-rs-img rs-lazyload\" data-lazyload=\"\/\/solidaridadlatam.org\/brasil\/wp-content\/plugins\/revslider\/sr6\/assets\/assets\/transparent.png\" data-no-retina>\n<!--\n\t\t\t\t\t\t\t--><rs-layer\n\t\t\t\t\t\t\t\tid=\"slider-52-slide-13674-layer-0\" \n\t\t\t\t\t\t\t\tdata-type=\"image\"\n\t\t\t\t\t\t\t\tdata-rsp_ch=\"on\"\n\t\t\t\t\t\t\t\tdata-xy=\"x:c;yo:9px,9px,9px,8px;\"\n\t\t\t\t\t\t\t\tdata-text=\"w:normal;s:20,20,20,18;l:0,0,0,23;\"\n\t\t\t\t\t\t\t\tdata-dim=\"w:[&#039;100%&#039;,&#039;100%&#039;,&#039;100%&#039;,&#039;100%&#039;];h:225px,225px,225px,240px;\"\n\t\t\t\t\t\t\t\tdata-frame_999=\"o:0;st:w;\"\n\t\t\t\t\t\t\t\tstyle=\"z-index:8;\"\n\t\t\t\t\t\t\t><img decoding=\"async\" src=\"\/\/solidaridadlatam.org\/brasil\/wp-content\/plugins\/revslider\/sr6\/assets\/assets\/dummy.png\" alt=\"\" class=\"tp-rs-img rs-lazyload\" width=\"1600\" height=\"1200\" data-lazyload=\"\/\/solidaridadlatam.org\/brasil\/wp-content\/uploads\/2025\/12\/Imagem-do-WhatsApp-de-2025-11-18-as-16.24.47_a34ccae6.jpg\" data-no-retina> \n\t\t\t\t\t\t\t<\/rs-layer><!--\n\n\t\t\t\t\t\t\t--><rs-layer\n\t\t\t\t\t\t\t\tid=\"slider-52-slide-13674-layer-4\" \n\t\t\t\t\t\t\t\tdata-type=\"text\"\n\t\t\t\t\t\t\t\tdata-color=\"#0c0c0c\"\n\t\t\t\t\t\t\t\tdata-rsp_ch=\"on\"\n\t\t\t\t\t\t\t\tdata-xy=\"x:c;y:t,t,t,b;yo:414px,414px,414px,35px;\"\n\t\t\t\t\t\t\t\tdata-text=\"w:normal;s:18,18,18,16;l:22,22,22,20;a:center;\"\n\t\t\t\t\t\t\t\tdata-padding=\"t:2;r:8;b:2;l:8;\"\n\t\t\t\t\t\t\t\tdata-frame_999=\"o:0;st:w;\"\n\t\t\t\t\t\t\t\tdata-frame_hover=\"c:#0c0c0c;bgc:#ffcc00;\"\n\t\t\t\t\t\t\t\tstyle=\"z-index:13;background-color:#d9d9c3;font-family:'Roboto';\"\n\t\t\t\t\t\t\t><a href=\"https:\/\/solidaridadlatam.org\/brasil\/categoria\/amazonia\/\" title=\"View all posts in Amaz\u00f4nia\" rel=\"category tag\">Amaz\u00f4nia<\/a>, <a href=\"https:\/\/solidaridadlatam.org\/brasil\/categoria\/brasil\/\" title=\"View all posts in Brasil\" rel=\"category tag\">Brasil<\/a>, <a href=\"https:\/\/solidaridadlatam.org\/brasil\/categoria\/cacau\/\" title=\"View all posts in Cacau\" rel=\"category tag\">Cacau<\/a>, <a href=\"https:\/\/solidaridadlatam.org\/brasil\/categoria\/cana-de-acucar\/\" title=\"View all posts in Cana-de-A\u00e7\u00facar\" rel=\"category tag\">Cana-de-A\u00e7\u00facar<\/a>, <a href=\"https:\/\/solidaridadlatam.org\/brasil\/categoria\/erva-mate\/\" title=\"View all posts in Erva-Mate\" rel=\"category tag\">Erva-Mate<\/a>, <a href=\"https:\/\/solidaridadlatam.org\/brasil\/categoria\/news\/\" title=\"View all posts in Not\u00edcia\" rel=\"category tag\">Not\u00edcia<\/a>, <a href=\"https:\/\/solidaridadlatam.org\/brasil\/categoria\/palma\/\" title=\"View all posts in \u00d3leo de Palma\" rel=\"category tag\">\u00d3leo de Palma<\/a>, <a href=\"https:\/\/solidaridadlatam.org\/brasil\/categoria\/pecuaria\/\" title=\"View all posts in Pecu\u00e1ria\" rel=\"category tag\">Pecu\u00e1ria<\/a>, <a href=\"https:\/\/solidaridadlatam.org\/brasil\/paises\/brasil\/\" title=\"View all posts in Brasil\" rel=\"category tag\">Brasil<\/a> \n\t\t\t\t\t\t\t<\/rs-layer><!--\n\n\t\t\t\t\t\t\t--><rs-layer\n\t\t\t\t\t\t\t\tid=\"slider-52-slide-13674-layer-7\" \n\t\t\t\t\t\t\t\tdata-type=\"image\"\n\t\t\t\t\t\t\t\tdata-rsp_ch=\"on\"\n\t\t\t\t\t\t\t\tdata-xy=\"x:c;\"\n\t\t\t\t\t\t\t\tdata-text=\"w:normal;s:20,20,20,18;l:0,0,0,23;\"\n\t\t\t\t\t\t\t\tdata-dim=\"w:[&#039;100%&#039;,&#039;100%&#039;,&#039;100%&#039;,&#039;100%&#039;];\"\n\t\t\t\t\t\t\t\tdata-frame_999=\"o:0;st:w;\"\n\t\t\t\t\t\t\t\tstyle=\"z-index:11;\"\n\t\t\t\t\t\t\t><img decoding=\"async\" src=\"\/\/solidaridadlatam.org\/brasil\/wp-content\/plugins\/revslider\/sr6\/assets\/assets\/dummy.png\" alt=\"\" class=\"tp-rs-img rs-lazyload\" width=\"800\" height=\"50\" data-lazyload=\"\/\/solidaridadlatam.org\/brasil\/wp-content\/uploads\/2020\/09\/separador1200D.svg\" data-no-retina> \n\t\t\t\t\t\t\t<\/rs-layer><!--\n\n\t\t\t\t\t\t\t--><rs-layer\n\t\t\t\t\t\t\t\tid=\"slider-52-slide-13674-layer-8\" \n\t\t\t\t\t\t\t\tdata-type=\"image\"\n\t\t\t\t\t\t\t\tdata-rsp_ch=\"on\"\n\t\t\t\t\t\t\t\tdata-xy=\"x:c;yo:213px,213px,213px,225px;\"\n\t\t\t\t\t\t\t\tdata-text=\"w:normal;s:20,20,20,18;l:0,0,0,23;\"\n\t\t\t\t\t\t\t\tdata-dim=\"w:100%,100%,100%,466px;h:auto,auto,auto,29px;\"\n\t\t\t\t\t\t\t\tdata-frame_999=\"o:0;st:w;\"\n\t\t\t\t\t\t\t\tstyle=\"z-index:12;\"\n\t\t\t\t\t\t\t><img decoding=\"async\" src=\"\/\/solidaridadlatam.org\/brasil\/wp-content\/plugins\/revslider\/sr6\/assets\/assets\/dummy.png\" alt=\"\" class=\"tp-rs-img rs-lazyload\" width=\"800\" height=\"50\" data-lazyload=\"\/\/solidaridadlatam.org\/brasil\/wp-content\/uploads\/2020\/09\/separador800.svg\" data-no-retina> \n\t\t\t\t\t\t\t<\/rs-layer><!--\n\n\t\t\t\t\t\t\t--><a\n\t\t\t\t\t\t\t\tid=\"slider-52-slide-13674-layer-11\" \n\t\t\t\t\t\t\t\tclass=\"rs-layer\"\n\t\t\t\t\t\t\t\thref=\"https:\/\/solidaridadlatam.org\/brasil\/news\/solidaridad-cop30\/\" target=\"_self\" rel=\"nofollow\"\n\t\t\t\t\t\t\t\tdata-type=\"text\"\n\t\t\t\t\t\t\t\tdata-color=\"#000000\"\n\t\t\t\t\t\t\t\tdata-rsp_ch=\"on\"\n\t\t\t\t\t\t\t\tdata-xy=\"x:c;yo:266px,266px,266px,274px;\"\n\t\t\t\t\t\t\t\tdata-text=\"w:normal;s:24,24,24,18;l:32,32,32,22;a:inherit;\"\n\t\t\t\t\t\t\t\tdata-dim=\"w:100%,100%,100%,333px;h:130px,130px,130px,89px;\"\n\t\t\t\t\t\t\t\tdata-frame_999=\"o:0;st:w;\"\n\t\t\t\t\t\t\t\tdata-frame_hover=\"c:#ffcc00;\"\n\t\t\t\t\t\t\t\tstyle=\"z-index:9;font-family:'Source Sans Pro';cursor:pointer;\"\n\t\t\t\t\t\t\t><span style=\"font-weight: bolder;\">Funda\u00e7\u00e3o Solidaridad consolida presen\u00e7a na COP30 de Bel\u00e9m com participa\u00e7\u00e3o em mais de 20 eventos<\/span><br><span style=\"font-size: 16px;\">diciembre 9, 2025 \n\t\t\t\t\t\t\t<\/a><!--\n-->\t\t\t\t\t<\/rs-slide>\n\t\t\t\t\t\t<rs-slide style=\"position: absolute;\" data-key=\"rs-13661\" data-title=\"Aliados pelo Campo celebra 5 anos com aumento de 40% na produtividade da erva-mate e protagonismo da agricultura familiar\" data-anim=\"ms:1000;r:0;\" data-in=\"o:0;\" data-out=\"a:false;\">\n\t\t\t\t\t\t\t<img decoding=\"async\" src=\"\/\/solidaridadlatam.org\/brasil\/wp-content\/plugins\/revslider\/sr6\/assets\/assets\/dummy.png\" alt=\"Aliados pelo Campo celebra 5 anos com aumento de 40% na produtividade da erva-mate e protagonismo da agricultura familiar\" title=\"Brasil\" class=\"rev-slidebg tp-rs-img rs-lazyload\" data-lazyload=\"\/\/solidaridadlatam.org\/brasil\/wp-content\/plugins\/revslider\/sr6\/assets\/assets\/transparent.png\" data-no-retina>\n<!--\n\t\t\t\t\t\t\t--><rs-layer\n\t\t\t\t\t\t\t\tid=\"slider-52-slide-13661-layer-0\" \n\t\t\t\t\t\t\t\tdata-type=\"image\"\n\t\t\t\t\t\t\t\tdata-rsp_ch=\"on\"\n\t\t\t\t\t\t\t\tdata-xy=\"x:c;yo:9px,9px,9px,8px;\"\n\t\t\t\t\t\t\t\tdata-text=\"w:normal;s:20,20,20,18;l:0,0,0,23;\"\n\t\t\t\t\t\t\t\tdata-dim=\"w:[&#039;100%&#039;,&#039;100%&#039;,&#039;100%&#039;,&#039;100%&#039;];h:225px,225px,225px,240px;\"\n\t\t\t\t\t\t\t\tdata-frame_999=\"o:0;st:w;\"\n\t\t\t\t\t\t\t\tstyle=\"z-index:8;\"\n\t\t\t\t\t\t\t><img decoding=\"async\" src=\"\/\/solidaridadlatam.org\/brasil\/wp-content\/plugins\/revslider\/sr6\/assets\/assets\/dummy.png\" alt=\"\" class=\"tp-rs-img rs-lazyload\" width=\"969\" height=\"803\" data-lazyload=\"\/\/solidaridadlatam.org\/brasil\/wp-content\/uploads\/2025\/12\/1.jpg\" data-no-retina> \n\t\t\t\t\t\t\t<\/rs-layer><!--\n\n\t\t\t\t\t\t\t--><rs-layer\n\t\t\t\t\t\t\t\tid=\"slider-52-slide-13661-layer-4\" \n\t\t\t\t\t\t\t\tdata-type=\"text\"\n\t\t\t\t\t\t\t\tdata-color=\"#0c0c0c\"\n\t\t\t\t\t\t\t\tdata-rsp_ch=\"on\"\n\t\t\t\t\t\t\t\tdata-xy=\"x:c;y:t,t,t,b;yo:414px,414px,414px,35px;\"\n\t\t\t\t\t\t\t\tdata-text=\"w:normal;s:18,18,18,16;l:22,22,22,20;a:center;\"\n\t\t\t\t\t\t\t\tdata-padding=\"t:2;r:8;b:2;l:8;\"\n\t\t\t\t\t\t\t\tdata-frame_999=\"o:0;st:w;\"\n\t\t\t\t\t\t\t\tdata-frame_hover=\"c:#0c0c0c;bgc:#ffcc00;\"\n\t\t\t\t\t\t\t\tstyle=\"z-index:13;background-color:#d9d9c3;font-family:'Roboto';\"\n\t\t\t\t\t\t\t><a href=\"https:\/\/solidaridadlatam.org\/brasil\/categoria\/brasil\/\" title=\"View all posts in Brasil\" rel=\"category tag\">Brasil<\/a>, <a href=\"https:\/\/solidaridadlatam.org\/brasil\/categoria\/erva-mate\/\" title=\"View all posts in Erva-Mate\" rel=\"category tag\">Erva-Mate<\/a>, <a href=\"https:\/\/solidaridadlatam.org\/brasil\/categoria\/news\/\" title=\"View all posts in Not\u00edcia\" rel=\"category tag\">Not\u00edcia<\/a>, <a href=\"https:\/\/solidaridadlatam.org\/brasil\/paises\/brasil\/\" title=\"View all posts in Brasil\" rel=\"category tag\">Brasil<\/a> \n\t\t\t\t\t\t\t<\/rs-layer><!--\n\n\t\t\t\t\t\t\t--><rs-layer\n\t\t\t\t\t\t\t\tid=\"slider-52-slide-13661-layer-7\" \n\t\t\t\t\t\t\t\tdata-type=\"image\"\n\t\t\t\t\t\t\t\tdata-rsp_ch=\"on\"\n\t\t\t\t\t\t\t\tdata-xy=\"x:c;\"\n\t\t\t\t\t\t\t\tdata-text=\"w:normal;s:20,20,20,18;l:0,0,0,23;\"\n\t\t\t\t\t\t\t\tdata-dim=\"w:[&#039;100%&#039;,&#039;100%&#039;,&#039;100%&#039;,&#039;100%&#039;];\"\n\t\t\t\t\t\t\t\tdata-frame_999=\"o:0;st:w;\"\n\t\t\t\t\t\t\t\tstyle=\"z-index:11;\"\n\t\t\t\t\t\t\t><img decoding=\"async\" src=\"\/\/solidaridadlatam.org\/brasil\/wp-content\/plugins\/revslider\/sr6\/assets\/assets\/dummy.png\" alt=\"\" class=\"tp-rs-img rs-lazyload\" width=\"800\" height=\"50\" data-lazyload=\"\/\/solidaridadlatam.org\/brasil\/wp-content\/uploads\/2020\/09\/separador1200D.svg\" data-no-retina> \n\t\t\t\t\t\t\t<\/rs-layer><!--\n\n\t\t\t\t\t\t\t--><rs-layer\n\t\t\t\t\t\t\t\tid=\"slider-52-slide-13661-layer-8\" \n\t\t\t\t\t\t\t\tdata-type=\"image\"\n\t\t\t\t\t\t\t\tdata-rsp_ch=\"on\"\n\t\t\t\t\t\t\t\tdata-xy=\"x:c;yo:213px,213px,213px,225px;\"\n\t\t\t\t\t\t\t\tdata-text=\"w:normal;s:20,20,20,18;l:0,0,0,23;\"\n\t\t\t\t\t\t\t\tdata-dim=\"w:100%,100%,100%,466px;h:auto,auto,auto,29px;\"\n\t\t\t\t\t\t\t\tdata-frame_999=\"o:0;st:w;\"\n\t\t\t\t\t\t\t\tstyle=\"z-index:12;\"\n\t\t\t\t\t\t\t><img decoding=\"async\" src=\"\/\/solidaridadlatam.org\/brasil\/wp-content\/plugins\/revslider\/sr6\/assets\/assets\/dummy.png\" alt=\"\" class=\"tp-rs-img rs-lazyload\" width=\"800\" height=\"50\" data-lazyload=\"\/\/solidaridadlatam.org\/brasil\/wp-content\/uploads\/2020\/09\/separador800.svg\" data-no-retina> \n\t\t\t\t\t\t\t<\/rs-layer><!--\n\n\t\t\t\t\t\t\t--><a\n\t\t\t\t\t\t\t\tid=\"slider-52-slide-13661-layer-11\" \n\t\t\t\t\t\t\t\tclass=\"rs-layer\"\n\t\t\t\t\t\t\t\thref=\"https:\/\/solidaridadlatam.org\/brasil\/news\/aliados-pelo-campo-celebra-5-anos\/\" target=\"_self\" rel=\"nofollow\"\n\t\t\t\t\t\t\t\tdata-type=\"text\"\n\t\t\t\t\t\t\t\tdata-color=\"#000000\"\n\t\t\t\t\t\t\t\tdata-rsp_ch=\"on\"\n\t\t\t\t\t\t\t\tdata-xy=\"x:c;yo:266px,266px,266px,274px;\"\n\t\t\t\t\t\t\t\tdata-text=\"w:normal;s:24,24,24,18;l:32,32,32,22;a:inherit;\"\n\t\t\t\t\t\t\t\tdata-dim=\"w:100%,100%,100%,333px;h:130px,130px,130px,89px;\"\n\t\t\t\t\t\t\t\tdata-frame_999=\"o:0;st:w;\"\n\t\t\t\t\t\t\t\tdata-frame_hover=\"c:#ffcc00;\"\n\t\t\t\t\t\t\t\tstyle=\"z-index:9;font-family:'Source Sans Pro';cursor:pointer;\"\n\t\t\t\t\t\t\t><span style=\"font-weight: bolder;\">Aliados pelo Campo celebra 5 anos com aumento de 40% na produtividade da erva-mate e protagonismo da agricultura familiar<\/span><br><span style=\"font-size: 16px;\">diciembre 4, 2025 \n\t\t\t\t\t\t\t<\/a><!--\n-->\t\t\t\t\t<\/rs-slide>\n\t\t\t\t\t<\/rs-slides>\n\t\t\t\t<\/rs-module>\n\t\t\t\t<script>\n\t\t\t\t\tsetREVStartSize({c: 'rev_slider_52_1',rl:[1240,1240,1240,480],el:[450,450,450,450],gw:[400,400,400,375],gh:[450,450,450,450],type:'carousel',justify:'',layout:'fullwidth',mh:\"0\"});if (window.RS_MODULES!==undefined && window.RS_MODULES.modules!==undefined && window.RS_MODULES.modules[\"revslider521\"]!==undefined) {window.RS_MODULES.modules[\"revslider521\"].once = false;window.revapi52 = undefined;if (window.RS_MODULES.checkMinimal!==undefined) window.RS_MODULES.checkMinimal()}\n\t\t\t\t<\/script>\n\t\t\t<\/rs-module-wrap>\n\t\t\t<!-- END REVOLUTION SLIDER -->\n[\/vc_column][\/vc_row][\/vc_section]<\/p>\n<\/div>","protected":false},"excerpt":{"rendered":"<p>[vc_section css=\u00bb.vc_custom_1607548821360{margin-right: 0px !important;margin-left: 0px !important;}\u00bb mobile_bg_img_hidden=\u00bbno\u00bb tablet_bg_img_hidden=\u00bbno\u00bb woodmart_parallax=\u00bb0&#8243; woodmart_gradient_switch=\u00bbno\u00bb woodmart_disable_overflow=\u00bb0&#8243;][vc_row css=\u00bb.vc_custom_1607548657330{background-color: #dbdbdb !important;}\u00bb mobile_bg_img_hidden=\u00bbno\u00bb tablet_bg_img_hidden=\u00bbno\u00bb woodmart_parallax=\u00bb0&#8243; woodmart_gradient_switch=\u00bbno\u00bb row_reverse_mobile=\u00bb0&#8243; row_reverse_tablet=\u00bb0&#8243;<\/p>\n","protected":false},"author":4,"featured_media":0,"parent":0,"menu_order":0,"comment_status":"closed","ping_status":"closed","template":"","meta":{"footnotes":""},"pagina_programas":[],"class_list":["post-4048","page","type-page","status-publish","hentry"],"yoast_head":"<!-- This site is optimized with the Yoast SEO plugin v25.4 - https:\/\/yoast.com\/wordpress\/plugins\/seo\/ -->\n<title>Brasil - Solidaridad Southamerica<\/title>\n<meta name=\"robots\" content=\"index, follow, max-snippet:-1, max-image-preview:large, max-video-preview:-1\" \/>\n<link rel=\"canonical\" href=\"https:\/\/solidaridadlatam.org\/brasil\/equipo-br\/\" \/>\n<meta property=\"og:locale\" content=\"es_ES\" \/>\n<meta property=\"og:type\" content=\"article\" \/>\n<meta property=\"og:title\" content=\"Brasil - Solidaridad Southamerica\" \/>\n<meta property=\"og:description\" content=\"[vc_section css=\u00bb.vc_custom_1607548821360{margin-right: 0px !important;margin-left: 0px !important;}\u00bb mobile_bg_img_hidden=\u00bbno\u00bb tablet_bg_img_hidden=\u00bbno\u00bb woodmart_parallax=\u00bb0&#8243; woodmart_gradient_switch=\u00bbno\u00bb woodmart_disable_overflow=\u00bb0&#8243;][vc_row css=\u00bb.vc_custom_1607548657330{background-color: #dbdbdb !important;}\u00bb mobile_bg_img_hidden=\u00bbno\u00bb tablet_bg_img_hidden=\u00bbno\u00bb woodmart_parallax=\u00bb0&#8243; woodmart_gradient_switch=\u00bbno\u00bb row_reverse_mobile=\u00bb0&#8243; row_reverse_tablet=\u00bb0&#8243;\" \/>\n<meta property=\"og:url\" content=\"https:\/\/solidaridadlatam.org\/brasil\/equipo-br\/\" \/>\n<meta property=\"og:site_name\" content=\"Solidaridad Southamerica\" \/>\n<meta property=\"article:modified_time\" content=\"2022-03-03T12:47:16+00:00\" \/>\n<meta name=\"twitter:card\" content=\"summary_large_image\" \/>\n<meta name=\"twitter:label1\" content=\"Tiempo de lectura\" \/>\n\t<meta name=\"twitter:data1\" content=\"12 minutos\" \/>\n<script type=\"application\/ld+json\" class=\"yoast-schema-graph\">{\"@context\":\"https:\/\/schema.org\",\"@graph\":[{\"@type\":\"WebPage\",\"@id\":\"https:\/\/solidaridadlatam.org\/brasil\/equipo-br\/\",\"url\":\"https:\/\/solidaridadlatam.org\/brasil\/equipo-br\/\",\"name\":\"Brasil - Solidaridad Southamerica\",\"isPartOf\":{\"@id\":\"https:\/\/solidaridadlatam.org\/brasil\/#website\"},\"datePublished\":\"2020-12-09T21:34:06+00:00\",\"dateModified\":\"2022-03-03T12:47:16+00:00\",\"breadcrumb\":{\"@id\":\"https:\/\/solidaridadlatam.org\/brasil\/equipo-br\/#breadcrumb\"},\"inLanguage\":\"es\",\"potentialAction\":[{\"@type\":\"ReadAction\",\"target\":[\"https:\/\/solidaridadlatam.org\/brasil\/equipo-br\/\"]}]},{\"@type\":\"BreadcrumbList\",\"@id\":\"https:\/\/solidaridadlatam.org\/brasil\/equipo-br\/#breadcrumb\",\"itemListElement\":[{\"@type\":\"ListItem\",\"position\":1,\"name\":\"Portada\",\"item\":\"https:\/\/solidaridadlatam.org\/brasil\/\"},{\"@type\":\"ListItem\",\"position\":2,\"name\":\"Brasil\"}]},{\"@type\":\"WebSite\",\"@id\":\"https:\/\/solidaridadlatam.org\/brasil\/#website\",\"url\":\"https:\/\/solidaridadlatam.org\/brasil\/\",\"name\":\"Solidaridad Southamerica\",\"description\":\"Organizaci\u00f3n Internacional sin fines de lucro con 50 a\u00f1os de experiencia a nivel global en desarrollo de mercados sostenibles e inclusivos\",\"potentialAction\":[{\"@type\":\"SearchAction\",\"target\":{\"@type\":\"EntryPoint\",\"urlTemplate\":\"https:\/\/solidaridadlatam.org\/brasil\/?s={search_term_string}\"},\"query-input\":{\"@type\":\"PropertyValueSpecification\",\"valueRequired\":true,\"valueName\":\"search_term_string\"}}],\"inLanguage\":\"es\"}]}<\/script>\n<!-- \/ Yoast SEO plugin. -->","yoast_head_json":{"title":"Brasil - Solidaridad Southamerica","robots":{"index":"index","follow":"follow","max-snippet":"max-snippet:-1","max-image-preview":"max-image-preview:large","max-video-preview":"max-video-preview:-1"},"canonical":"https:\/\/solidaridadlatam.org\/brasil\/equipo-br\/","og_locale":"es_ES","og_type":"article","og_title":"Brasil - Solidaridad Southamerica","og_description":"[vc_section css=\u00bb.vc_custom_1607548821360{margin-right: 0px !important;margin-left: 0px !important;}\u00bb mobile_bg_img_hidden=\u00bbno\u00bb tablet_bg_img_hidden=\u00bbno\u00bb woodmart_parallax=\u00bb0&#8243; woodmart_gradient_switch=\u00bbno\u00bb woodmart_disable_overflow=\u00bb0&#8243;][vc_row css=\u00bb.vc_custom_1607548657330{background-color: #dbdbdb !important;}\u00bb mobile_bg_img_hidden=\u00bbno\u00bb tablet_bg_img_hidden=\u00bbno\u00bb woodmart_parallax=\u00bb0&#8243; woodmart_gradient_switch=\u00bbno\u00bb row_reverse_mobile=\u00bb0&#8243; row_reverse_tablet=\u00bb0&#8243;","og_url":"https:\/\/solidaridadlatam.org\/brasil\/equipo-br\/","og_site_name":"Solidaridad Southamerica","article_modified_time":"2022-03-03T12:47:16+00:00","twitter_card":"summary_large_image","twitter_misc":{"Tiempo de lectura":"12 minutos"},"schema":{"@context":"https:\/\/schema.org","@graph":[{"@type":"WebPage","@id":"https:\/\/solidaridadlatam.org\/brasil\/equipo-br\/","url":"https:\/\/solidaridadlatam.org\/brasil\/equipo-br\/","name":"Brasil - Solidaridad Southamerica","isPartOf":{"@id":"https:\/\/solidaridadlatam.org\/brasil\/#website"},"datePublished":"2020-12-09T21:34:06+00:00","dateModified":"2022-03-03T12:47:16+00:00","breadcrumb":{"@id":"https:\/\/solidaridadlatam.org\/brasil\/equipo-br\/#breadcrumb"},"inLanguage":"es","potentialAction":[{"@type":"ReadAction","target":["https:\/\/solidaridadlatam.org\/brasil\/equipo-br\/"]}]},{"@type":"BreadcrumbList","@id":"https:\/\/solidaridadlatam.org\/brasil\/equipo-br\/#breadcrumb","itemListElement":[{"@type":"ListItem","position":1,"name":"Portada","item":"https:\/\/solidaridadlatam.org\/brasil\/"},{"@type":"ListItem","position":2,"name":"Brasil"}]},{"@type":"WebSite","@id":"https:\/\/solidaridadlatam.org\/brasil\/#website","url":"https:\/\/solidaridadlatam.org\/brasil\/","name":"Solidaridad Southamerica","description":"Organizaci\u00f3n Internacional sin fines de lucro con 50 a\u00f1os de experiencia a nivel global en desarrollo de mercados sostenibles e inclusivos","potentialAction":[{"@type":"SearchAction","target":{"@type":"EntryPoint","urlTemplate":"https:\/\/solidaridadlatam.org\/brasil\/?s={search_term_string}"},"query-input":{"@type":"PropertyValueSpecification","valueRequired":true,"valueName":"search_term_string"}}],"inLanguage":"es"}]}},"_links":{"self":[{"href":"https:\/\/solidaridadlatam.org\/brasil\/wp-json\/wp\/v2\/pages\/4048","targetHints":{"allow":["GET"]}}],"collection":[{"href":"https:\/\/solidaridadlatam.org\/brasil\/wp-json\/wp\/v2\/pages"}],"about":[{"href":"https:\/\/solidaridadlatam.org\/brasil\/wp-json\/wp\/v2\/types\/page"}],"author":[{"embeddable":true,"href":"https:\/\/solidaridadlatam.org\/brasil\/wp-json\/wp\/v2\/users\/4"}],"replies":[{"embeddable":true,"href":"https:\/\/solidaridadlatam.org\/brasil\/wp-json\/wp\/v2\/comments?post=4048"}],"version-history":[{"count":0,"href":"https:\/\/solidaridadlatam.org\/brasil\/wp-json\/wp\/v2\/pages\/4048\/revisions"}],"wp:attachment":[{"href":"https:\/\/solidaridadlatam.org\/brasil\/wp-json\/wp\/v2\/media?parent=4048"}],"wp:term":[{"taxonomy":"pagina_programas","embeddable":true,"href":"https:\/\/solidaridadlatam.org\/brasil\/wp-json\/wp\/v2\/pagina_programas?post=4048"}],"curies":[{"name":"wp","href":"https:\/\/api.w.org\/{rel}","templated":true}]}}